{"id":166,"date":"2019-04-26T14:11:12","date_gmt":"2019-04-26T14:11:12","guid":{"rendered":"http:\/\/localhost\/alpins\/?page_id=166"},"modified":"2022-05-20T12:17:16","modified_gmt":"2022-05-20T12:17:16","slug":"proc-my","status":"publish","type":"page","link":"https:\/\/www.alkaspravce.cz\/index.php\/proc-my\/","title":{"rendered":"Pro\u010d pr\u00e1v\u011b my?"},"content":{"rendered":"<p>{&#8222;main-title&#8220;:{&#8222;component&#8220;:&#8220;hc_title&#8220;,&#8220;id&#8220;:&#8220;main-title&#8220;,&#8220;title&#8220;:&#8220;&#8220;,&#8220;subtitle&#8220;:&#8220;V\u00edce ne\u017e-li p\u00e1r d\u016fvod\u016f&#8220;,&#8220;title_content&#8220;:{&#8222;component&#8220;:&#8220;hc_title_image&#8220;,&#8220;id&#8220;:&#8220;title-image&#8220;,&#8220;image&#8220;:&#8220;http:\/\/www.alkaspravce.cz\/wp-content\/uploads\/2021\/04\/titulka_30prc-1024&#215;683.jpg|1334|2000|990101116&#8243;,&#8220;full_screen&#8220;:false,&#8220;full_screen_height&#8220;:&#8220;&#8220;,&#8220;parallax&#8220;:true,&#8220;bleed&#8220;:&#8220;&#8220;,&#8220;ken_burn&#8220;:&#8220;ken-burn-center&#8220;,&#8220;breadcrumbs&#8220;:true,&#8220;light&#8220;:true,&#8220;alignment&#8220;:&#8220;&#8220;}},&#8220;section_5ZtkF&#8220;:{&#8222;component&#8220;:&#8220;hc_section&#8220;,&#8220;id&#8220;:&#8220;section_5ZtkF&#8220;,&#8220;section_width&#8220;:&#8220;&#8220;,&#8220;animation&#8220;:&#8220;&#8220;,&#8220;animation_time&#8220;:&#8220;&#8220;,&#8220;timeline_animation&#8220;:&#8220;&#8220;,&#8220;timeline_delay&#8220;:&#8220;&#8220;,&#8220;timeline_order&#8220;:&#8220;&#8220;,&#8220;vertical_row&#8220;:&#8220;&#8220;,&#8220;css_classes&#8220;:&#8220;&#8220;,&#8220;custom_css_classes&#8220;:&#8220;&#8220;,&#8220;custom_css_styles&#8220;:&#8220;&#8220;,&#8220;section_content&#8220;:[{&#8222;component&#8220;:&#8220;hc_column&#8220;,&#8220;id&#8220;:&#8220;column_BZcF6&#8243;,&#8220;column_width&#8220;:&#8220;col-md-4&#8243;,&#8220;animation&#8220;:&#8220;&#8220;,&#8220;animation_time&#8220;:&#8220;&#8220;,&#8220;timeline_animation&#8220;:&#8220;&#8220;,&#8220;timeline_delay&#8220;:&#8220;&#8220;,&#8220;timeline_order&#8220;:&#8220;&#8220;,&#8220;css_classes&#8220;:&#8220;&#8220;,&#8220;custom_css_classes&#8220;:&#8220;&#8220;,&#8220;custom_css_styles&#8220;:&#8220;&#8220;,&#8220;main_content&#8220;:[{&#8222;component&#8220;:&#8220;hc_text_block&#8220;,&#8220;id&#8220;:&#8220;cmrOC&#8220;,&#8220;css_classes&#8220;:&#8220;&#8220;,&#8220;custom_css_classes&#8220;:&#8220;&#8220;,&#8220;custom_css_styles&#8220;:&#8220;&#8220;,&#8220;content&#8220;:&#8220;Ano, m\u016f\u017eete si naj\u00edt sousedku, kter\u00e1 v\u00e1m uklid\u00ed &#8230; ale mysl\u00edte si, \u017ee to sta\u010d\u00ed, \u017ee to bude fungovat? Co kdy\u017e pan\u00ed zapomene na pobyt a odjede za dcerou \u010di do l\u00e1zn\u00ed? Co kdy\u017e se ji zrovna nebude cht\u00edt? Co kdy\u017e v\u00e1m v polovin\u011b pln\u011b obsazen\u00e9 sez\u00f3ny \u0159ekne, \u017ee u\u017e to d\u011blat nebude? Co budete d\u011blat, p\u0159ilet\u00edte z pr\u00e1v\u011b prob\u00edhaj\u00edc\u00ed dovolen\u00e9 ubytov\u00e1vat hosty?\\n\\nAno, to jsou re\u00e1ln\u00e9 p\u0159\u00edklady, pro\u010d se na n\u00e1s majitel\u00e9 dom\u016f obrac\u00ed, proto\u017ee cht\u011bj\u00ed PROFESIONALITU. Anonymn\u00ed soused ne\u0159e\u0161\u00ed, co si o n\u011bm kdo mysl\u00ed. My m\u00e1me sehran\u00fd t\u00fdm, a kdy\u017e n\u00e1hodou n\u011bkdo \\&#8220;vypadne\\&#8220;, m\u00e1me z\u00e1lo\u017en\u00ed zdroje. S n\u00e1mi m\u00e1te jistotu, \u017ee v\u00e1m sez\u00f3na nebouchne. &#8222;}]},{&#8222;component&#8220;:&#8220;hc_column&#8220;,&#8220;id&#8220;:&#8220;column_HSROn&#8220;,&#8220;column_width&#8220;:&#8220;col-md-4&#8243;,&#8220;animation&#8220;:&#8220;&#8220;,&#8220;animation_time&#8220;:&#8220;&#8220;,&#8220;timeline_animation&#8220;:&#8220;&#8220;,&#8220;timeline_delay&#8220;:&#8220;&#8220;,&#8220;timeline_order&#8220;:&#8220;&#8220;,&#8220;css_classes&#8220;:&#8220;no-margin-md &#8222;,&#8220;custom_css_classes&#8220;:&#8220;&#8220;,&#8220;custom_css_styles&#8220;:&#8220;&#8220;,&#8220;main_content&#8220;:[{&#8222;component&#8220;:&#8220;hc_text_block&#8220;,&#8220;id&#8220;:&#8220;j8wEV&#8220;,&#8220;css_classes&#8220;:&#8220;&#8220;,&#8220;custom_css_classes&#8220;:&#8220;&#8220;,&#8220;custom_css_styles&#8220;:&#8220;&#8220;,&#8220;content&#8220;:&#8220;Na rekrea\u010dn\u00edch pron\u00e1jmech je samotn\u00fd \u00faklid to jednodu\u0161\u0161\u00ed. To slo\u017eit\u011bj\u0161\u00ed a \\&#8220;otravn\u011bj\u0161\u00ed\\&#8220; je okolo &#8211; sehnat klienta, zodpov\u011bd\u011bt mu v\u0161echny zv\u00eddav\u00e9 ot\u00e1zky (a \u017ee jich lidi maj\u00ed), p\u0159ipravit d\u016fm na sez\u00f3nu, zajistit \u010dist\u00e9 pr\u00e1dlo (odvoz a dovoz), posekat &#8230; domluvit \u010das p\u0159\u00edjezdu.\\n\\nA &#8230; no, klidn\u011b si to zkuste sami. V\u011b\u0159\u00edme, \u017ee n\u00e1m brzy d\u00e1te za pravdu jako 7 z 10 t\u011bch, kte\u0159\u00ed k n\u00e1m p\u0159ich\u00e1zej\u00ed na z\u00e1klad\u011b zku\u0161enost\u00ed. \\n\\nBu\u010f u\u017e je p\u0159estane bavit t\u00fdden co t\u00fdden jezdit na chalupu nebo pan\u00ed na \u00faklid u\u017e nem\u00e1 \u010das \u010di m\u016f\u017ee jenom n\u011bkdy. &#8222;}]},{&#8222;component&#8220;:&#8220;hc_column&#8220;,&#8220;id&#8220;:&#8220;column_x2zsJ&#8220;,&#8220;column_width&#8220;:&#8220;col-md-4&#8243;,&#8220;animation&#8220;:&#8220;&#8220;,&#8220;animation_time&#8220;:&#8220;&#8220;,&#8220;timeline_animation&#8220;:&#8220;&#8220;,&#8220;timeline_delay&#8220;:&#8220;&#8220;,&#8220;timeline_order&#8220;:&#8220;&#8220;,&#8220;css_classes&#8220;:&#8220;&#8220;,&#8220;custom_css_classes&#8220;:&#8220;&#8220;,&#8220;custom_css_styles&#8220;:&#8220;&#8220;,&#8220;main_content&#8220;:[{&#8222;component&#8220;:&#8220;hc_slider&#8220;,&#8220;id&#8220;:&#8220;pOwzV&#8220;,&#8220;css_classes&#8220;:&#8220;&#8220;,&#8220;custom_css_classes&#8220;:&#8220;&#8220;,&#8220;custom_css_styles&#8220;:&#8220;&#8220;,&#8220;content&#8220;:[{&#8222;component&#8220;:&#8220;hc_niche_content_box_testimonials&#8220;,&#8220;id&#8220;:&#8220;ovITX&#8220;,&#8220;css_classes&#8220;:&#8220;&#8220;,&#8220;custom_css_classes&#8220;:&#8220;&#8220;,&#8220;custom_css_styles&#8220;:&#8220;&#8220;,&#8220;image&#8220;:&#8220;http:\/\/themes.framework-y.com\/demo-import\/alpins\/2019\/04\/user-1.jpg|450|450|81&#8243;,&#8220;title&#8220;:&#8220;AlkaSpr\u00e1vce&#8220;,&#8220;box_style&#8220;:&#8220;style_2&#8243;,&#8220;subtitle&#8220;:&#8220;Krkono\u0161e a okol\u00ed&#8220;,&#8220;text&#8220;:&#8220;Na\u0161e slu\u017eby jsou dostupn\u00e9 pro ka\u017ed\u00e9ho, kdo chce m\u00edt pasivn\u00ed p\u0159\u00edjem a nebav\u00ed ho \u0159e\u0161it v\u011bci, kter\u00e9 kolem toho \u0159e\u0161it nemus\u00ed. To je 21. stolet\u00ed.  &#8222;},{&#8222;component&#8220;:&#8220;hc_niche_content_box_testimonials&#8220;,&#8220;id&#8220;:&#8220;QcKWK&#8220;,&#8220;css_classes&#8220;:&#8220;&#8220;,&#8220;custom_css_classes&#8220;:&#8220;&#8220;,&#8220;custom_css_styles&#8220;:&#8220;&#8220;,&#8220;image&#8220;:&#8220;http:\/\/themes.framework-y.com\/demo-import\/alpins\/2019\/04\/user-1.jpg|450|450|81&#8243;,&#8220;title&#8220;:&#8220;AlkaSpr\u00e1vce&#8220;,&#8220;box_style&#8220;:&#8220;style_2&#8243;,&#8220;subtitle&#8220;:&#8220;AlkaSpr\u00e1vce&#8220;,&#8220;text&#8220;:&#8220;T\u011b\u0161\u00edm se na setk\u00e1n\u00ed s V\u00e1mi. Proberu s V\u00e1mi v\u0161e co v\u00e1s zaj\u00edm\u00e1. &#8222;}],&#8220;trigger&#8220;:&#8220;&#8220;,&#8220;data_options&#8220;:&#8220;&#8220;}]}],&#8220;section_settings&#8220;:&#8220;&#8220;},&#8220;section_8kgpP&#8220;:{&#8222;component&#8220;:&#8220;hc_section&#8220;,&#8220;id&#8220;:&#8220;section_8kgpP&#8220;,&#8220;section_width&#8220;:&#8220;&#8220;,&#8220;animation&#8220;:&#8220;&#8220;,&#8220;animation_time&#8220;:&#8220;&#8220;,&#8220;timeline_animation&#8220;:&#8220;&#8220;,&#8220;timeline_delay&#8220;:&#8220;&#8220;,&#8220;timeline_order&#8220;:&#8220;&#8220;,&#8220;vertical_row&#8220;:&#8220;&#8220;,&#8220;css_classes&#8220;:&#8220;section-color &#8222;,&#8220;custom_css_classes&#8220;:&#8220;&#8220;,&#8220;custom_css_styles&#8220;:&#8220;&#8220;,&#8220;section_content&#8220;:[{&#8222;component&#8220;:&#8220;hc_column&#8220;,&#8220;id&#8220;:&#8220;column_bVCyr&#8220;,&#8220;column_width&#8220;:&#8220;col-md-3&#8243;,&#8220;animation&#8220;:&#8220;&#8220;,&#8220;animation_time&#8220;:&#8220;&#8220;,&#8220;timeline_animation&#8220;:&#8220;&#8220;,&#8220;timeline_delay&#8220;:&#8220;&#8220;,&#8220;timeline_order&#8220;:&#8220;&#8220;,&#8220;css_classes&#8220;:&#8220;&#8220;,&#8220;custom_css_classes&#8220;:&#8220;&#8220;,&#8220;custom_css_styles&#8220;:&#8220;&#8220;,&#8220;main_content&#8220;:[{&#8222;component&#8220;:&#8220;hc_subtitle&#8220;,&#8220;id&#8220;:&#8220;oj23T&#8220;,&#8220;css_classes&#8220;:&#8220;&#8220;,&#8220;custom_css_classes&#8220;:&#8220;&#8220;,&#8220;custom_css_styles&#8220;:&#8220;&#8220;,&#8220;title&#8220;:&#8220;POJ\u010eME SE SEJ\u00cdT&#8220;,&#8220;subtitle&#8220;:&#8220;A v\u0161e probrat.&#8220;,&#8220;alignment&#8220;:&#8220;&#8220;},{&#8222;component&#8220;:&#8220;hc_space&#8220;,&#8220;id&#8220;:&#8220;g3eEp&#8220;,&#8220;css_classes&#8220;:&#8220;hidden-md &#8222;,&#8220;custom_css_classes&#8220;:&#8220;&#8220;,&#8220;custom_css_styles&#8220;:&#8220;&#8220;,&#8220;size&#8220;:&#8220;space-lg&#8220;,&#8220;height&#8220;:&#8220;&#8220;},{&#8222;component&#8220;:&#8220;hc_text_block&#8220;,&#8220;id&#8220;:&#8220;xvv3Y&#8220;,&#8220;css_classes&#8220;:&#8220;&#8220;,&#8220;custom_css_classes&#8220;:&#8220;&#8220;,&#8220;custom_css_styles&#8220;:&#8220;&#8220;,&#8220;content&#8220;:&#8220;Napi\u0161te \u010di zavolejte n\u00e1m. Sejdeme se, d\u00e1me v\u0161e \\&#8220;na pap\u00edr\\&#8220; a najdeme cestu k tomu, abyste m\u011bli pasivn\u00ed p\u0159\u00edjem bez starost\u00ed. &#8222;},{&#8222;component&#8220;:&#8220;hc_button&#8220;,&#8220;id&#8220;:&#8220;IhnFv&#8220;,&#8220;css_classes&#8220;:&#8220;&#8220;,&#8220;custom_css_classes&#8220;:&#8220;&#8220;,&#8220;custom_css_styles&#8220;:&#8220;&#8220;,&#8220;icon&#8220;:&#8220;&#8220;,&#8220;style&#8220;:&#8220;link&#8220;,&#8220;size&#8220;:&#8220;btn-lg&#8220;,&#8220;position&#8220;:&#8220;left&#8220;,&#8220;inner_animation&#8220;:false,&#8220;text&#8220;:&#8220;Kontaktujte n\u00e1s&#8220;,&#8220;link_type&#8220;:&#8220;classic&#8220;,&#8220;lightbox_animation&#8220;:&#8220;&#8220;,&#8220;caption&#8220;:&#8220;&#8220;,&#8220;inner_caption&#8220;:false,&#8220;new_window&#8220;:true,&#8220;link&#8220;:&#8220;https:\/\/www.alkaspravce.cz\/index.php\/kontakty\/&#8220;,&#8220;link_content&#8220;:[],&#8220;lightbox_size&#8220;:&#8220;&#8220;,&#8220;scrollbox&#8220;:false}]},{&#8222;component&#8220;:&#8220;hc_column&#8220;,&#8220;id&#8220;:&#8220;column_U8Jpy&#8220;,&#8220;column_width&#8220;:&#8220;col-md-9&#8243;,&#8220;animation&#8220;:&#8220;&#8220;,&#8220;animation_time&#8220;:&#8220;&#8220;,&#8220;timeline_animation&#8220;:&#8220;&#8220;,&#8220;timeline_delay&#8220;:&#8220;&#8220;,&#8220;timeline_order&#8220;:&#8220;&#8220;,&#8220;css_classes&#8220;:&#8220;&#8220;,&#8220;custom_css_classes&#8220;:&#8220;&#8220;,&#8220;custom_css_styles&#8220;:&#8220;&#8220;,&#8220;main_content&#8220;:[{&#8222;component&#8220;:&#8220;hc_slider&#8220;,&#8220;id&#8220;:&#8220;e3CWt&#8220;,&#8220;css_classes&#8220;:&#8220;&#8220;,&#8220;custom_css_classes&#8220;:&#8220;arrows-left&#8220;,&#8220;custom_css_styles&#8220;:&#8220;&#8220;,&#8220;content&#8220;:[{&#8222;component&#8220;:&#8220;hc_content_box&#8220;,&#8220;id&#8220;:&#8220;CAud4&#8243;,&#8220;css_classes&#8220;:&#8220;&#8220;,&#8220;custom_css_classes&#8220;:&#8220;&#8220;,&#8220;custom_css_styles&#8220;:&#8220;&#8220;,&#8220;image&#8220;:&#8220;http:\/\/www.alkaspravce.cz\/wp-content\/uploads\/2021\/08\/A3333_a.jpg|600|900|990101414&#8243;,&#8220;title&#8220;:&#8220;Zku\u0161enosti 30 let&#8220;,&#8220;icon&#8220;:&#8220;&#8220;,&#8220;icon_style&#8220;:&#8220;&#8220;,&#8220;icon_image&#8220;:&#8220;&#8220;,&#8220;box_style&#8220;:&#8220;top_icon_image&#8220;,&#8220;boxed&#8220;:true,&#8220;alignment&#8220;:&#8220;align-left&#8220;,&#8220;title_size&#8220;:&#8220;&#8220;,&#8220;text_size&#8220;:&#8220;&#8220;,&#8220;extra_content&#8220;:&#8220;&#8220;,&#8220;alt&#8220;:&#8220;&#8220;,&#8220;button_text&#8220;:&#8220;&#8220;,&#8220;button_style&#8220;:&#8220;link&#8220;,&#8220;button_dimensions&#8220;:&#8220;btn-lg&#8220;,&#8220;button_animation&#8220;:false,&#8220;button_icon&#8220;:&#8220;&#8220;,&#8220;text&#8220;:&#8220;Ne, toto opravdu nem\u016f\u017ee d\u011blat kdekdo. Ka\u017ed\u00fd host je jin\u00fd, ka\u017ed\u00e1 rezervace je jin\u00e1, a pokud na m\u00edst\u011b budete m\u00edt n\u011bkoho, kdo zrovna nem\u00e1 dobrou n\u00e1ladu, host\u00e9 daj\u00ed negativn\u00ed hodnocen\u00ed a v\u00e1m klesaj\u00ed rezervace, tedy m\u00e9n\u011b vyd\u011bl\u00e1v\u00e1te. M\u016f\u017eete si to dovolit riskovat?     &#8222;,&#8220;link_type&#8220;:&#8220;classic&#8220;,&#8220;lightbox_animation&#8220;:&#8220;&#8220;,&#8220;caption&#8220;:&#8220;&#8220;,&#8220;inner_caption&#8220;:false,&#8220;new_window&#8220;:false,&#8220;link&#8220;:&#8220;#&#8220;,&#8220;link_content&#8220;:[],&#8220;lightbox_size&#8220;:&#8220;&#8220;,&#8220;scrollbox&#8220;:false},{&#8222;component&#8220;:&#8220;hc_content_box&#8220;,&#8220;id&#8220;:&#8220;K5fv3&#8243;,&#8220;css_classes&#8220;:&#8220;&#8220;,&#8220;custom_css_classes&#8220;:&#8220;&#8220;,&#8220;custom_css_styles&#8220;:&#8220;&#8220;,&#8220;image&#8220;:&#8220;http:\/\/www.alkaspravce.cz\/wp-content\/uploads\/2021\/08\/A2193_a.jpg|600|900|990101361&#8243;,&#8220;title&#8220;:&#8220;Profesionalita&#8220;,&#8220;icon&#8220;:&#8220;&#8220;,&#8220;icon_style&#8220;:&#8220;&#8220;,&#8220;icon_image&#8220;:&#8220;&#8220;,&#8220;box_style&#8220;:&#8220;top_icon_image&#8220;,&#8220;boxed&#8220;:true,&#8220;alignment&#8220;:&#8220;align-left&#8220;,&#8220;title_size&#8220;:&#8220;&#8220;,&#8220;text_size&#8220;:&#8220;&#8220;,&#8220;extra_content&#8220;:&#8220;&#8220;,&#8220;alt&#8220;:&#8220;&#8220;,&#8220;button_text&#8220;:&#8220;&#8220;,&#8220;button_style&#8220;:&#8220;link&#8220;,&#8220;button_dimensions&#8220;:&#8220;btn-lg&#8220;,&#8220;button_animation&#8220;:false,&#8220;button_icon&#8220;:&#8220;&#8220;,&#8220;text&#8220;:&#8220;Praxe: p\u0159estane fungovat elekt\u0159ina, nep\u016fjdou kamna (tah kom\u00ednem), nepote\u010de voda, napadne moc sn\u011bhu k odkl\u00edzen\u00ed &#8230; m\u00e1te zku\u0161en\u00e9ho \u010dlov\u011bka, kter\u00fd si porad\u00ed v ka\u017ed\u00e9 situaci? Jestli si nejste jisty, zavolejte, my za\u017eili za 30 let v\u011bc\u00ed, \u017ee n\u00e1s jen tak nic nerozhod\u00ed. &#8222;,&#8220;link_type&#8220;:&#8220;classic&#8220;,&#8220;lightbox_animation&#8220;:&#8220;&#8220;,&#8220;caption&#8220;:&#8220;&#8220;,&#8220;inner_caption&#8220;:false,&#8220;new_window&#8220;:false,&#8220;link&#8220;:&#8220;#&#8220;,&#8220;link_content&#8220;:[],&#8220;lightbox_size&#8220;:&#8220;&#8220;,&#8220;scrollbox&#8220;:false},{&#8222;component&#8220;:&#8220;hc_content_box&#8220;,&#8220;id&#8220;:&#8220;ogBIL&#8220;,&#8220;css_classes&#8220;:&#8220;&#8220;,&#8220;custom_css_classes&#8220;:&#8220;&#8220;,&#8220;custom_css_styles&#8220;:&#8220;&#8220;,&#8220;image&#8220;:&#8220;http:\/\/www.alkaspravce.cz\/wp-content\/uploads\/2021\/08\/malovani.jpg|177|285|990101353&#8243;,&#8220;title&#8220;:&#8220;R\u016fznorodost&#8220;,&#8220;icon&#8220;:&#8220;&#8220;,&#8220;icon_style&#8220;:&#8220;&#8220;,&#8220;icon_image&#8220;:&#8220;&#8220;,&#8220;box_style&#8220;:&#8220;top_icon_image&#8220;,&#8220;boxed&#8220;:true,&#8220;alignment&#8220;:&#8220;align-left&#8220;,&#8220;title_size&#8220;:&#8220;&#8220;,&#8220;text_size&#8220;:&#8220;&#8220;,&#8220;extra_content&#8220;:&#8220;&#8220;,&#8220;alt&#8220;:&#8220;&#8220;,&#8220;button_text&#8220;:&#8220;&#8220;,&#8220;button_style&#8220;:&#8220;link&#8220;,&#8220;button_dimensions&#8220;:&#8220;btn-lg&#8220;,&#8220;button_animation&#8220;:false,&#8220;button_icon&#8220;:&#8220;&#8220;,&#8220;text&#8220;:&#8220;Mnoz\u00ed volaj\u00ed, \u017ee by r\u00e1di \u00faklid. Kdy\u017e si na to pak sedneme, spole\u010dn\u011b zjist\u00edme, \u017ee \u00faklid je jenom z\u00e1klad a v\u011bc\u00ed okolo toho je tolik, \u017ee je dobr\u00e9 m\u00edt firmu jak jsme my, kter\u00e1 d\u011bl\u00e1 v\u0161e za v\u00e1s. &#8222;,&#8220;link_type&#8220;:&#8220;classic&#8220;,&#8220;lightbox_animation&#8220;:&#8220;&#8220;,&#8220;caption&#8220;:&#8220;&#8220;,&#8220;inner_caption&#8220;:false,&#8220;new_window&#8220;:false,&#8220;link&#8220;:&#8220;#&#8220;,&#8220;link_content&#8220;:[],&#8220;lightbox_size&#8220;:&#8220;&#8220;,&#8220;scrollbox&#8220;:false}],&#8220;trigger&#8220;:&#8220;&#8220;,&#8220;data_options&#8220;:&#8220;type:carousel,perView:3,perViewSm:1,gap:30,arrows:true,focusAt:1,controls:true&#8220;}]}],&#8220;section_settings&#8220;:&#8220;&#8220;},&#8220;scripts&#8220;:{&#8222;parallax&#8220;:&#8220;parallax.min.js&#8220;,&#8220;glide&#8220;:&#8220;glide.min.js&#8220;,&#8220;lightbox&#8220;:&#8220;magnific-popup.min.js&#8220;},&#8220;css&#8220;:{&#8222;glide&#8220;:&#8220;css\/glide.css&#8220;,&#8220;content_box&#8220;:&#8220;css\/content-box.css&#8220;,&#8220;lightbox&#8220;:&#8220;css\/magnific-popup.css&#8220;},&#8220;css_page&#8220;:&#8220;&#8220;,&#8220;template_setting&#8220;:{},&#8220;template_setting_top&#8220;:{},&#8220;page_setting&#8220;:{&#8222;settings&#8220;:[&#8222;lock-mode-off&#8220;]}}<\/p>\n","protected":false},"excerpt":{"rendered":"<p>{&#8222;main-title&#8220;:{&#8222;component&#8220;:&#8220;hc_title&#8220;,&#8220;id&#8220;:&#8220;main-title&#8220;,&#8220;title&#8220;:&#8220;&#8220;,&#8220;subtitle&#8220;:&#8220;V\u00edce ne\u017e-li p\u00e1r d\u016fvod\u016f&#8220;,&#8220;title_content&#8220;:{&#8222;component&#8220;:&#8220;hc_title_image&#8220;,&#8220;id&#8220;:&#8220;title-image&#8220;,&#8220;image&#8220;:&#8220;http:\/\/www.alkaspravce.cz\/wp-content\/uploads\/2021\/04\/titulka_30prc-1024&#215;683.jpg|1334|2000|990101116&#8243;,&#8220;full_screen&#8220;:false,&#8220;full_screen_height&#8220;:&#8220;&#8220;,&#8220;parallax&#8220;:true,&#8220;bleed&#8220;:&#8220;&#8220;,&#8220;ken_burn&#8220;:&#8220;ken-burn-center&#8220;,&#8220;breadcrumbs&#8220;:true,&#8220;light&#8220;:true,&#8220;alignment&#8220;:&#8220;&#8220;}},&#8220;section_5ZtkF&#8220;:{&#8222;component&#8220;:&#8220;hc_section&#8220;,&#8220;id&#8220;:&#8220;section_5ZtkF&#8220;,&#8220;section_width&#8220;:&#8220;&#8220;,&#8220;animation&#8220;:&#8220;&#8220;,&#8220;animation_time&#8220;:&#8220;&#8220;,&#8220;timeline_animation&#8220;:&#8220;&#8220;,&#8220;timeline_delay&#8220;:&#8220;&#8220;,&#8220;timeline_order&#8220;:&#8220;&#8220;,&#8220;vertical_row&#8220;:&#8220;&#8220;,&#8220;css_classes&#8220;:&#8220;&#8220;,&#8220;custom_css_classes&#8220;:&#8220;&#8220;,&#8220;custom_css_styles&#8220;:&#8220;&#8220;,&#8220;section_content&#8220;:[{&#8222;component&#8220;:&#8220;hc_column&#8220;,&#8220;id&#8220;:&#8220;column_BZcF6&#8243;,&#8220;column_width&#8220;:&#8220;col-md-4&#8243;,&#8220;animation&#8220;:&#8220;&#8220;,&#8220;animation_time&#8220;:&#8220;&#8220;,&#8220;timeline_animation&#8220;:&#8220;&#8220;,&#8220;timeline_delay&#8220;:&#8220;&#8220;,&#8220;timeline_order&#8220;:&#8220;&#8220;,&#8220;css_classes&#8220;:&#8220;&#8220;,&#8220;custom_css_classes&#8220;:&#8220;&#8220;,&#8220;custom_css_styles&#8220;:&#8220;&#8220;,&#8220;main_content&#8220;:[{&#8222;component&#8220;:&#8220;hc_text_block&#8220;,&#8220;id&#8220;:&#8220;cmrOC&#8220;,&#8220;css_classes&#8220;:&#8220;&#8220;,&#8220;custom_css_classes&#8220;:&#8220;&#8220;,&#8220;custom_css_styles&#8220;:&#8220;&#8220;,&#8220;content&#8220;:&#8220;Ano, m\u016f\u017eete si naj\u00edt sousedku, kter\u00e1 v\u00e1m uklid\u00ed &#8230; ale mysl\u00edte si, \u017ee to sta\u010d\u00ed, \u017ee to bude fungovat? Co kdy\u017e pan\u00ed zapomene na pobyt a odjede za dcerou \u010di do l\u00e1zn\u00ed? Co kdy\u017e se ji zrovna nebude cht\u00edt? Co kdy\u017e v\u00e1m v polovin\u011b pln\u011b obsazen\u00e9 sez\u00f3ny \u0159ekne, \u017ee u\u017e to d\u011blat [&hellip;]<\/p>\n","protected":false},"author":1,"featured_media":0,"parent":0,"menu_order":0,"comment_status":"closed","ping_status":"closed","template":"","meta":{"_monsterinsights_skip_tracking":false,"_monsterinsights_sitenote_active":false,"_monsterinsights_sitenote_note":"","_monsterinsights_sitenote_category":0,"footnotes":""},"class_list":["post-166","page","type-page","status-publish","hentry"],"yoast_head":"<!-- This site is optimized with the Yoast SEO plugin v25.1 - https:\/\/yoast.com\/wordpress\/plugins\/seo\/ -->\n<title>Pro\u010d pr\u00e1v\u011b my? - Spr\u00e1va rekrea\u010dn\u00edch chalup, apartm\u00e1n\u016f a penzion\u016f | Krkono\u0161e, Adr\u0161pa\u0161sko, Trutnovsko.<\/title>\n<meta name=\"description\" content=\"AlkaSpravce.cz - specialista na komplexn\u00ed spr\u00e1vu rekrea\u010dn\u00edch objekt\u016f ve v\u00fdchodn\u00edch Krkono\u0161\u00edch, Trutnovsku a Adr\u0161pa\u0161sku.\" \/>\n<meta name=\"robots\" content=\"index, follow, max-snippet:-1, max-image-preview:large, max-video-preview:-1\" \/>\n<link rel=\"canonical\" href=\"https:\/\/www.alkaspravce.cz\/index.php\/proc-my\/\" \/>\n<meta property=\"og:locale\" content=\"cs_CZ\" \/>\n<meta property=\"og:type\" content=\"article\" \/>\n<meta property=\"og:title\" content=\"Pro\u010d pr\u00e1v\u011b my? - Spr\u00e1va rekrea\u010dn\u00edch chalup, apartm\u00e1n\u016f a penzion\u016f | Krkono\u0161e, Adr\u0161pa\u0161sko, Trutnovsko.\" \/>\n<meta property=\"og:description\" content=\"AlkaSpravce.cz - specialista na komplexn\u00ed spr\u00e1vu rekrea\u010dn\u00edch objekt\u016f ve v\u00fdchodn\u00edch Krkono\u0161\u00edch, Trutnovsku a Adr\u0161pa\u0161sku.\" \/>\n<meta property=\"og:url\" content=\"https:\/\/www.alkaspravce.cz\/index.php\/proc-my\/\" \/>\n<meta property=\"og:site_name\" content=\"Spr\u00e1va rekrea\u010dn\u00edch chalup, apartm\u00e1n\u016f a penzion\u016f | Krkono\u0161e, Adr\u0161pa\u0161sko, Trutnovsko.\" \/>\n<meta property=\"article:modified_time\" content=\"2022-05-20T12:17:16+00:00\" \/>\n<meta name=\"twitter:card\" content=\"summary_large_image\" \/>\n<meta name=\"twitter:label1\" content=\"Odhadovan\u00e1 doba \u010dten\u00ed\" \/>\n\t<meta name=\"twitter:data1\" content=\"7 minut\" \/>\n<script type=\"application\/ld+json\" class=\"yoast-schema-graph\">{\"@context\":\"https:\/\/schema.org\",\"@graph\":[{\"@type\":\"WebPage\",\"@id\":\"https:\/\/www.alkaspravce.cz\/index.php\/proc-my\/\",\"url\":\"https:\/\/www.alkaspravce.cz\/index.php\/proc-my\/\",\"name\":\"Pro\u010d pr\u00e1v\u011b my? - Spr\u00e1va rekrea\u010dn\u00edch chalup, apartm\u00e1n\u016f a penzion\u016f | Krkono\u0161e, Adr\u0161pa\u0161sko, Trutnovsko.\",\"isPartOf\":{\"@id\":\"https:\/\/www.alkaspravce.cz\/#website\"},\"datePublished\":\"2019-04-26T14:11:12+00:00\",\"dateModified\":\"2022-05-20T12:17:16+00:00\",\"description\":\"AlkaSpravce.cz - specialista na komplexn\u00ed spr\u00e1vu rekrea\u010dn\u00edch objekt\u016f ve v\u00fdchodn\u00edch Krkono\u0161\u00edch, Trutnovsku a Adr\u0161pa\u0161sku.\",\"breadcrumb\":{\"@id\":\"https:\/\/www.alkaspravce.cz\/index.php\/proc-my\/#breadcrumb\"},\"inLanguage\":\"cs\",\"potentialAction\":[{\"@type\":\"ReadAction\",\"target\":[\"https:\/\/www.alkaspravce.cz\/index.php\/proc-my\/\"]}]},{\"@type\":\"BreadcrumbList\",\"@id\":\"https:\/\/www.alkaspravce.cz\/index.php\/proc-my\/#breadcrumb\",\"itemListElement\":[{\"@type\":\"ListItem\",\"position\":1,\"name\":\"Dom\u016f\",\"item\":\"https:\/\/www.alkaspravce.cz\/\"},{\"@type\":\"ListItem\",\"position\":2,\"name\":\"Pro\u010d pr\u00e1v\u011b my?\"}]},{\"@type\":\"WebSite\",\"@id\":\"https:\/\/www.alkaspravce.cz\/#website\",\"url\":\"https:\/\/www.alkaspravce.cz\/\",\"name\":\"Spr\u00e1va rekrea\u010dn\u00edch chalup, apartm\u00e1n\u016f a penzion\u016f | Krkono\u0161e, Adr\u0161pa\u0161sko, Trutnovsko.\",\"description\":\"AlkaSpravce.cz |\",\"potentialAction\":[{\"@type\":\"SearchAction\",\"target\":{\"@type\":\"EntryPoint\",\"urlTemplate\":\"https:\/\/www.alkaspravce.cz\/?s={search_term_string}\"},\"query-input\":{\"@type\":\"PropertyValueSpecification\",\"valueRequired\":true,\"valueName\":\"search_term_string\"}}],\"inLanguage\":\"cs\"}]}<\/script>\n<!-- \/ Yoast SEO plugin. -->","yoast_head_json":{"title":"Pro\u010d pr\u00e1v\u011b my? - Spr\u00e1va rekrea\u010dn\u00edch chalup, apartm\u00e1n\u016f a penzion\u016f | Krkono\u0161e, Adr\u0161pa\u0161sko, Trutnovsko.","description":"AlkaSpravce.cz - specialista na komplexn\u00ed spr\u00e1vu rekrea\u010dn\u00edch objekt\u016f ve v\u00fdchodn\u00edch Krkono\u0161\u00edch, Trutnovsku a Adr\u0161pa\u0161sku.","robots":{"index":"index","follow":"follow","max-snippet":"max-snippet:-1","max-image-preview":"max-image-preview:large","max-video-preview":"max-video-preview:-1"},"canonical":"https:\/\/www.alkaspravce.cz\/index.php\/proc-my\/","og_locale":"cs_CZ","og_type":"article","og_title":"Pro\u010d pr\u00e1v\u011b my? - Spr\u00e1va rekrea\u010dn\u00edch chalup, apartm\u00e1n\u016f a penzion\u016f | Krkono\u0161e, Adr\u0161pa\u0161sko, Trutnovsko.","og_description":"AlkaSpravce.cz - specialista na komplexn\u00ed spr\u00e1vu rekrea\u010dn\u00edch objekt\u016f ve v\u00fdchodn\u00edch Krkono\u0161\u00edch, Trutnovsku a Adr\u0161pa\u0161sku.","og_url":"https:\/\/www.alkaspravce.cz\/index.php\/proc-my\/","og_site_name":"Spr\u00e1va rekrea\u010dn\u00edch chalup, apartm\u00e1n\u016f a penzion\u016f | Krkono\u0161e, Adr\u0161pa\u0161sko, Trutnovsko.","article_modified_time":"2022-05-20T12:17:16+00:00","twitter_card":"summary_large_image","twitter_misc":{"Odhadovan\u00e1 doba \u010dten\u00ed":"7 minut"},"schema":{"@context":"https:\/\/schema.org","@graph":[{"@type":"WebPage","@id":"https:\/\/www.alkaspravce.cz\/index.php\/proc-my\/","url":"https:\/\/www.alkaspravce.cz\/index.php\/proc-my\/","name":"Pro\u010d pr\u00e1v\u011b my? - Spr\u00e1va rekrea\u010dn\u00edch chalup, apartm\u00e1n\u016f a penzion\u016f | Krkono\u0161e, Adr\u0161pa\u0161sko, Trutnovsko.","isPartOf":{"@id":"https:\/\/www.alkaspravce.cz\/#website"},"datePublished":"2019-04-26T14:11:12+00:00","dateModified":"2022-05-20T12:17:16+00:00","description":"AlkaSpravce.cz - specialista na komplexn\u00ed spr\u00e1vu rekrea\u010dn\u00edch objekt\u016f ve v\u00fdchodn\u00edch Krkono\u0161\u00edch, Trutnovsku a Adr\u0161pa\u0161sku.","breadcrumb":{"@id":"https:\/\/www.alkaspravce.cz\/index.php\/proc-my\/#breadcrumb"},"inLanguage":"cs","potentialAction":[{"@type":"ReadAction","target":["https:\/\/www.alkaspravce.cz\/index.php\/proc-my\/"]}]},{"@type":"BreadcrumbList","@id":"https:\/\/www.alkaspravce.cz\/index.php\/proc-my\/#breadcrumb","itemListElement":[{"@type":"ListItem","position":1,"name":"Dom\u016f","item":"https:\/\/www.alkaspravce.cz\/"},{"@type":"ListItem","position":2,"name":"Pro\u010d pr\u00e1v\u011b my?"}]},{"@type":"WebSite","@id":"https:\/\/www.alkaspravce.cz\/#website","url":"https:\/\/www.alkaspravce.cz\/","name":"Spr\u00e1va rekrea\u010dn\u00edch chalup, apartm\u00e1n\u016f a penzion\u016f | Krkono\u0161e, Adr\u0161pa\u0161sko, Trutnovsko.","description":"AlkaSpravce.cz |","potentialAction":[{"@type":"SearchAction","target":{"@type":"EntryPoint","urlTemplate":"https:\/\/www.alkaspravce.cz\/?s={search_term_string}"},"query-input":{"@type":"PropertyValueSpecification","valueRequired":true,"valueName":"search_term_string"}}],"inLanguage":"cs"}]}},"_links":{"self":[{"href":"https:\/\/www.alkaspravce.cz\/index.php\/wp-json\/wp\/v2\/pages\/166"}],"collection":[{"href":"https:\/\/www.alkaspravce.cz\/index.php\/wp-json\/wp\/v2\/pages"}],"about":[{"href":"https:\/\/www.alkaspravce.cz\/index.php\/wp-json\/wp\/v2\/types\/page"}],"author":[{"embeddable":true,"href":"https:\/\/www.alkaspravce.cz\/index.php\/wp-json\/wp\/v2\/users\/1"}],"replies":[{"embeddable":true,"href":"https:\/\/www.alkaspravce.cz\/index.php\/wp-json\/wp\/v2\/comments?post=166"}],"version-history":[{"count":26,"href":"https:\/\/www.alkaspravce.cz\/index.php\/wp-json\/wp\/v2\/pages\/166\/revisions"}],"predecessor-version":[{"id":990101498,"href":"https:\/\/www.alkaspravce.cz\/index.php\/wp-json\/wp\/v2\/pages\/166\/revisions\/990101498"}],"wp:attachment":[{"href":"https:\/\/www.alkaspravce.cz\/index.php\/wp-json\/wp\/v2\/media?parent=166"}],"curies":[{"name":"wp","href":"https:\/\/api.w.org\/{rel}","templated":true}]}}